{"id":13,"date":"2015-11-03T17:13:34","date_gmt":"2015-11-03T15:13:34","guid":{"rendered":"http:\/\/markkuu.fi\/wordpress\/?page_id=13"},"modified":"2021-10-02T19:50:43","modified_gmt":"2021-10-02T16:50:43","slug":"etusivu","status":"publish","type":"page","link":"https:\/\/markkuu.fi\/wordpress\/?page_id=13","title":{"rendered":"Etusivu"},"content":{"rendered":"<div id=\"fb-root\"><\/div>\n<p><script>(function(d, s, id) {<br \/>\nvar js, fjs = d.getElementsByTagName(s)[0];<br \/>\nif (d.getElementById(id)) return;<br \/>\njs = d.createElement(s); js.id = id;<br \/>\njs.src = 'https:\/\/connect.facebook.net\/fi_FI\/sdk.js#xfbml=1&version=v2.12';<br \/>\nfjs.parentNode.insertBefore(js, fjs);<br \/>\n}(document, 'script', 'facebook-jssdk'));<\/script><\/p>\n<h1>Tervetuloa Markkuulle!<\/h1>\n<p><i>MARKKUU on aktiivinen kyl\u00e4seutu Tyrn\u00e4v\u00e4ll\u00e4, Oulun etel\u00e4puolella, Pohjois-Pohjanmaalla. Kyl\u00e4mme vetonauloja ovat muun muassa <a href=\"http:\/\/markkuu.fi\/wordpress\/?page_id=85\" target=\"_blank\" rel=\"noopener\">Markkuun luontopolku<\/a> sek\u00e4 kunnan virallinen <a href=\"http:\/\/markkuu.fi\/wordpress\/?page_id=91\" target=\"_blank\" rel=\"noopener noreferrer\">uimapaikka<\/a>, jota my\u00f6s Rauhionojan Rivieraksi kutsutaan. Markkuu on my\u00f6s\u00a0<a href=\"http:\/\/markkuu.fi\/wordpress\/?p=1394\" target=\"_blank\" rel=\"noopener\"> Valtakunnallinen vuoden kyl\u00e4 2020<\/a> sek\u00e4\u00a0 <a href=\"http:\/\/markkuu.fi\/wordpress\/?p=1193\">Pohjois-Pohjanmaan Vuoden kyl\u00e4 2019\u00a0 <\/a><br \/>\n<\/i><\/p>\n<p><iframe loading=\"lazy\" src=\"https:\/\/www.youtube.com\/embed\/videoseries?list=UUDsgsGLWXKaLwDuJ1AUylrQ\" width=\"560\" height=\"315\" frameborder=\"0\" allowfullscreen=\"allowfullscreen\"><\/iframe><\/p>\n<blockquote><p><i><span style=\"font-weight: 400;\">\u00a0<\/span><\/i><\/p><\/blockquote>\n<p><i>Markkuun Seudun Kyl\u00e4yhdistys ry j\u00e4rjest\u00e4\u00e4 yhteisvoimin kyl\u00e4l\u00e4isten ja alueen toimijoiden kanssa tapahtumia ja tilaisuuksia sek\u00e4 kehitt\u00e4\u00e4 aktiivisesti Markkuun seutua, niin <\/i><i>kyl\u00e4n asukkaiden kuin muidenkin kuntalaisten eduksi<\/i><i>. <\/i><i>Kyl\u00e4yhdistys yll\u00e4pit\u00e4\u00e4 ja huoltaa Markkuun luontopolkua sek\u00e4 muita kyl\u00e4n <a href=\"http:\/\/markkuu.fi\/wordpress\/?page_id=82\" target=\"_blank\" rel=\"noopener noreferrer\">virkistysk\u00e4ytt\u00f6kohteita<\/a> ja ty\u00f6llist\u00e4\u00e4 yll\u00e4pitoteht\u00e4viin kes\u00e4isin my\u00f6s kyl\u00e4n nuoria.<br \/>\n<\/i><\/p>\n<p><em>Jos sin\u00e4kin haluaisit markkuulaiseksi, tutustu kyl\u00e4ll\u00e4mme myynniss\u00e4 oleviin <a href=\"http:\/\/markkuu.fi\/wordpress\/?page_id=89\" target=\"_blank\" rel=\"noopener\">tontteihin <\/a>tai ota yhteytt\u00e4 niin etsit\u00e4\u00e4n yhdess\u00e4 sinulle sopiva asuinpaikka maaseudulta l\u00e4helt\u00e4 kaupunkia.<\/em><\/p>\n<p style=\"text-align: center;\"><strong>Seuraa lis\u00e4\u00e4\u00a0 Markkuun tapahtumia ja meininki\u00e4 somessa!<\/strong><\/p>\n<blockquote>\n<figure id=\"attachment_411\" aria-describedby=\"caption-attachment-411\" style=\"width: 61px\" class=\"wp-caption aligncenter\"><a href=\"https:\/\/www.facebook.com\/markkuunkylayhdistys\/\"><img loading=\"lazy\" decoding=\"async\" class=\"wp-image-411 \" src=\"http:\/\/markkuu.fi\/wordpress\/wp-content\/uploads\/2016\/01\/facebook.png\" alt=\"facebook\" width=\"61\" height=\"61\" \/><\/a><figcaption id=\"caption-attachment-411\" class=\"wp-caption-text\">Facebook<\/figcaption><\/figure>\n<figure id=\"attachment_412\" aria-describedby=\"caption-attachment-412\" style=\"width: 59px\" class=\"wp-caption aligncenter\"><a href=\"http:\/\/www.instagram.com\/markkuu_tyrnava\/\"><img loading=\"lazy\" decoding=\"async\" class=\"wp-image-412 \" src=\"http:\/\/markkuu.fi\/wordpress\/wp-content\/uploads\/2016\/01\/instagram.png\" alt=\"instagram\" width=\"59\" height=\"59\" \/><\/a><figcaption id=\"caption-attachment-412\" class=\"wp-caption-text\">Instagram<\/figcaption><\/figure>\n<figure id=\"attachment_407\" aria-describedby=\"caption-attachment-407\" style=\"width: 63px\" class=\"wp-caption aligncenter\"><a href=\"https:\/\/twitter.com\/markkuu_tyrnava\"><img loading=\"lazy\" decoding=\"async\" class=\"wp-image-407 \" src=\"http:\/\/markkuu.fi\/wordpress\/wp-content\/uploads\/2016\/01\/twitter-1.png\" alt=\"twitter-1\" width=\"63\" height=\"63\" \/><\/a><figcaption id=\"caption-attachment-407\" class=\"wp-caption-text\">Twitter<\/figcaption><\/figure>\n<p><script>\/\/ <![CDATA[ !function(d,s,id){var js,fjs=d.getElementsByTagName(s)[0],p=\/^http:\/.test(d.location)?'http':'https';if(!d.getElementById(id)){js=d.createElement(s);js.id=id;js.src=p+':\/\/platform.twitter.com\/widgets.js';fjs.parentNode.insertBefore(js,fjs);}}(document, 'script', 'twitter-wjs'); \/\/ ]]><\/script><\/p><\/blockquote>\n","protected":false},"excerpt":{"rendered":"<p>Tervetuloa Markkuulle! MARKKUU on aktiivinen kyl\u00e4seutu Tyrn\u00e4v\u00e4ll\u00e4, Oulun etel\u00e4puolella, Pohjois-Pohjanmaalla. Kyl\u00e4mme vetonauloja ovat muun muassa Markkuun luontopolku sek\u00e4 kunnan virallinen uimapaikka, jota my\u00f6s Rauhionojan Rivieraksi kutsutaan. Markkuu on my\u00f6s\u00a0 Valtakunnallinen vuoden kyl\u00e4 2020 sek\u00e4\u00a0 Pohjois-Pohjanmaan Vuoden kyl\u00e4 2019\u00a0 \u00a0 Markkuun Seudun Kyl\u00e4yhdistys ry j\u00e4rjest\u00e4\u00e4 yhteisvoimin kyl\u00e4l\u00e4isten ja alueen toimijoiden kanssa tapahtumia ja tilaisuuksia sek\u00e4 kehitt\u00e4\u00e4 &hellip; <a href=\"https:\/\/markkuu.fi\/wordpress\/?page_id=13\" class=\"more-link\">Jatka lukemista <span class=\"screen-reader-text\">Etusivu<\/span> <span class=\"meta-nav\">&rarr;<\/span><\/a><\/p>\n","protected":false},"author":1,"featured_media":0,"parent":0,"menu_order":0,"comment_status":"closed","ping_status":"closed","template":"","meta":{"footnotes":""},"class_list":["post-13","page","type-page","status-publish","hentry"],"_links":{"self":[{"href":"https:\/\/markkuu.fi\/wordpress\/index.php?rest_route=\/wp\/v2\/pages\/13","targetHints":{"allow":["GET"]}}],"collection":[{"href":"https:\/\/markkuu.fi\/wordpress\/index.php?rest_route=\/wp\/v2\/pages"}],"about":[{"href":"https:\/\/markkuu.fi\/wordpress\/index.php?rest_route=\/wp\/v2\/types\/page"}],"author":[{"embeddable":true,"href":"https:\/\/markkuu.fi\/wordpress\/index.php?rest_route=\/wp\/v2\/users\/1"}],"replies":[{"embeddable":true,"href":"https:\/\/markkuu.fi\/wordpress\/index.php?rest_route=%2Fwp%2Fv2%2Fcomments&post=13"}],"version-history":[{"count":54,"href":"https:\/\/markkuu.fi\/wordpress\/index.php?rest_route=\/wp\/v2\/pages\/13\/revisions"}],"predecessor-version":[{"id":1539,"href":"https:\/\/markkuu.fi\/wordpress\/index.php?rest_route=\/wp\/v2\/pages\/13\/revisions\/1539"}],"wp:attachment":[{"href":"https:\/\/markkuu.fi\/wordpress\/index.php?rest_route=%2Fwp%2Fv2%2Fmedia&parent=13"}],"curies":[{"name":"wp","href":"https:\/\/api.w.org\/{rel}","templated":true}]}}