{"id":1337,"date":"2020-10-18T22:08:01","date_gmt":"2020-10-18T19:08:01","guid":{"rendered":"http:\/\/markkuu.fi\/wordpress\/?page_id=1337"},"modified":"2021-05-03T00:54:44","modified_gmt":"2021-05-02T21:54:44","slug":"niityt","status":"publish","type":"page","link":"https:\/\/markkuu.fi\/wordpress\/?page_id=1337","title":{"rendered":"Niityt"},"content":{"rendered":"\n<figure class=\"wp-block-image size-large\"><a href=\"http:\/\/markkuu.fi\/wordpress\/wp-content\/uploads\/2021\/03\/2_Kesayon_kullero_Palon_niitylla_Marika_Laurila.jpg\"><img loading=\"lazy\" decoding=\"async\" width=\"1024\" height=\"768\" src=\"http:\/\/markkuu.fi\/wordpress\/wp-content\/uploads\/2021\/03\/2_Kesayon_kullero_Palon_niitylla_Marika_Laurila-1024x768.jpg\" alt=\"\" class=\"wp-image-1464\" srcset=\"https:\/\/markkuu.fi\/wordpress\/wp-content\/uploads\/2021\/03\/2_Kesayon_kullero_Palon_niitylla_Marika_Laurila-1024x768.jpg 1024w, https:\/\/markkuu.fi\/wordpress\/wp-content\/uploads\/2021\/03\/2_Kesayon_kullero_Palon_niitylla_Marika_Laurila-300x225.jpg 300w, https:\/\/markkuu.fi\/wordpress\/wp-content\/uploads\/2021\/03\/2_Kesayon_kullero_Palon_niitylla_Marika_Laurila-768x576.jpg 768w, https:\/\/markkuu.fi\/wordpress\/wp-content\/uploads\/2021\/03\/2_Kesayon_kullero_Palon_niitylla_Marika_Laurila-1536x1152.jpg 1536w, https:\/\/markkuu.fi\/wordpress\/wp-content\/uploads\/2021\/03\/2_Kesayon_kullero_Palon_niitylla_Marika_Laurila-2048x1536.jpg 2048w\" sizes=\"auto, (max-width: 1024px) 100vw, 1024px\" \/><\/a><figcaption>Kes\u00e4y\u00f6n kullero Palon niityll\u00e4. Kuva Marika Laurila.<\/figcaption><\/figure>\n\n\n\n<h2 class=\"wp-block-heading\">Luontopolku kukkii kev\u00e4\u00e4st\u00e4 syksyyn<\/h2>\n\n\n\n<figure class=\"wp-block-gallery columns-1 is-cropped wp-block-gallery-1 is-layout-flex wp-block-gallery-is-layout-flex\"><ul class=\"blocks-gallery-grid\"><li class=\"blocks-gallery-item\"><figure><a href=\"http:\/\/markkuu.fi\/wordpress\/wp-content\/uploads\/2021\/03\/5_Maitohorsman_hehkua_Palon_niitylla-scaled.jpg\"><img loading=\"lazy\" decoding=\"async\" width=\"1024\" height=\"768\" src=\"http:\/\/markkuu.fi\/wordpress\/wp-content\/uploads\/2021\/03\/5_Maitohorsman_hehkua_Palon_niitylla-1024x768.jpg\" alt=\"\" data-id=\"1457\" data-full-url=\"http:\/\/markkuu.fi\/wordpress\/wp-content\/uploads\/2021\/03\/5_Maitohorsman_hehkua_Palon_niitylla-scaled.jpg\" data-link=\"http:\/\/markkuu.fi\/wordpress\/?attachment_id=1457\" class=\"wp-image-1457\" srcset=\"https:\/\/markkuu.fi\/wordpress\/wp-content\/uploads\/2021\/03\/5_Maitohorsman_hehkua_Palon_niitylla-1024x768.jpg 1024w, https:\/\/markkuu.fi\/wordpress\/wp-content\/uploads\/2021\/03\/5_Maitohorsman_hehkua_Palon_niitylla-300x225.jpg 300w, https:\/\/markkuu.fi\/wordpress\/wp-content\/uploads\/2021\/03\/5_Maitohorsman_hehkua_Palon_niitylla-768x576.jpg 768w, https:\/\/markkuu.fi\/wordpress\/wp-content\/uploads\/2021\/03\/5_Maitohorsman_hehkua_Palon_niitylla-1536x1152.jpg 1536w, https:\/\/markkuu.fi\/wordpress\/wp-content\/uploads\/2021\/03\/5_Maitohorsman_hehkua_Palon_niitylla-2048x1536.jpg 2048w\" sizes=\"auto, (max-width: 1024px) 100vw, 1024px\" \/><\/a><figcaption class=\"blocks-gallery-item__caption\">Maitohorsman hehkua Palon niityll\u00e4. Kuva Marika Laurila.<\/figcaption><\/figure><\/li><li class=\"blocks-gallery-item\"><figure><a href=\"http:\/\/markkuu.fi\/wordpress\/wp-content\/uploads\/2021\/03\/12_Kultapiisku_Siirtolan_kedolla_Marika_Laurila-scaled.jpg\"><img loading=\"lazy\" decoding=\"async\" width=\"768\" height=\"1024\" src=\"http:\/\/markkuu.fi\/wordpress\/wp-content\/uploads\/2021\/03\/12_Kultapiisku_Siirtolan_kedolla_Marika_Laurila-768x1024.jpg\" alt=\"\" data-id=\"1452\" data-full-url=\"http:\/\/markkuu.fi\/wordpress\/wp-content\/uploads\/2021\/03\/12_Kultapiisku_Siirtolan_kedolla_Marika_Laurila-scaled.jpg\" data-link=\"http:\/\/markkuu.fi\/wordpress\/?attachment_id=1452\" class=\"wp-image-1452\" srcset=\"https:\/\/markkuu.fi\/wordpress\/wp-content\/uploads\/2021\/03\/12_Kultapiisku_Siirtolan_kedolla_Marika_Laurila-768x1024.jpg 768w, https:\/\/markkuu.fi\/wordpress\/wp-content\/uploads\/2021\/03\/12_Kultapiisku_Siirtolan_kedolla_Marika_Laurila-225x300.jpg 225w, https:\/\/markkuu.fi\/wordpress\/wp-content\/uploads\/2021\/03\/12_Kultapiisku_Siirtolan_kedolla_Marika_Laurila-1152x1536.jpg 1152w, https:\/\/markkuu.fi\/wordpress\/wp-content\/uploads\/2021\/03\/12_Kultapiisku_Siirtolan_kedolla_Marika_Laurila-1536x2048.jpg 1536w, https:\/\/markkuu.fi\/wordpress\/wp-content\/uploads\/2021\/03\/12_Kultapiisku_Siirtolan_kedolla_Marika_Laurila-scaled.jpg 1920w\" sizes=\"auto, (max-width: 768px) 100vw, 768px\" \/><\/a><figcaption class=\"blocks-gallery-item__caption\">Kultapiisku Siirtolan kedolla. Kuva Marika Laurila.<\/figcaption><\/figure><\/li><li class=\"blocks-gallery-item\"><figure><a href=\"http:\/\/markkuu.fi\/wordpress\/wp-content\/uploads\/2021\/03\/8_Siirtolan_kedon_kissankelloja_Marika_Laurila-scaled.jpg\"><img loading=\"lazy\" decoding=\"async\" width=\"1024\" height=\"768\" src=\"http:\/\/markkuu.fi\/wordpress\/wp-content\/uploads\/2021\/03\/8_Siirtolan_kedon_kissankelloja_Marika_Laurila-1024x768.jpg\" alt=\"\" data-id=\"1455\" data-full-url=\"http:\/\/markkuu.fi\/wordpress\/wp-content\/uploads\/2021\/03\/8_Siirtolan_kedon_kissankelloja_Marika_Laurila-scaled.jpg\" data-link=\"http:\/\/markkuu.fi\/wordpress\/?attachment_id=1455\" class=\"wp-image-1455\" srcset=\"https:\/\/markkuu.fi\/wordpress\/wp-content\/uploads\/2021\/03\/8_Siirtolan_kedon_kissankelloja_Marika_Laurila-1024x768.jpg 1024w, https:\/\/markkuu.fi\/wordpress\/wp-content\/uploads\/2021\/03\/8_Siirtolan_kedon_kissankelloja_Marika_Laurila-300x225.jpg 300w, https:\/\/markkuu.fi\/wordpress\/wp-content\/uploads\/2021\/03\/8_Siirtolan_kedon_kissankelloja_Marika_Laurila-768x576.jpg 768w, https:\/\/markkuu.fi\/wordpress\/wp-content\/uploads\/2021\/03\/8_Siirtolan_kedon_kissankelloja_Marika_Laurila-1536x1152.jpg 1536w, https:\/\/markkuu.fi\/wordpress\/wp-content\/uploads\/2021\/03\/8_Siirtolan_kedon_kissankelloja_Marika_Laurila-2048x1536.jpg 2048w\" sizes=\"auto, (max-width: 1024px) 100vw, 1024px\" \/><\/a><figcaption class=\"blocks-gallery-item__caption\">Siirtolan kedon kissankelloja. Kuva Marika Laurila.<\/figcaption><\/figure><\/li><li class=\"blocks-gallery-item\"><figure><a href=\"http:\/\/markkuu.fi\/wordpress\/wp-content\/uploads\/2021\/03\/11_Kissankapalat_kukkivat_Siirtolan_kedolla_Marika_Laurila-scaled.jpg\"><img loading=\"lazy\" decoding=\"async\" width=\"1024\" height=\"768\" src=\"http:\/\/markkuu.fi\/wordpress\/wp-content\/uploads\/2021\/03\/11_Kissankapalat_kukkivat_Siirtolan_kedolla_Marika_Laurila-1024x768.jpg\" alt=\"\" data-id=\"1453\" data-full-url=\"http:\/\/markkuu.fi\/wordpress\/wp-content\/uploads\/2021\/03\/11_Kissankapalat_kukkivat_Siirtolan_kedolla_Marika_Laurila-scaled.jpg\" data-link=\"http:\/\/markkuu.fi\/wordpress\/?attachment_id=1453\" class=\"wp-image-1453\" srcset=\"https:\/\/markkuu.fi\/wordpress\/wp-content\/uploads\/2021\/03\/11_Kissankapalat_kukkivat_Siirtolan_kedolla_Marika_Laurila-1024x768.jpg 1024w, https:\/\/markkuu.fi\/wordpress\/wp-content\/uploads\/2021\/03\/11_Kissankapalat_kukkivat_Siirtolan_kedolla_Marika_Laurila-300x225.jpg 300w, https:\/\/markkuu.fi\/wordpress\/wp-content\/uploads\/2021\/03\/11_Kissankapalat_kukkivat_Siirtolan_kedolla_Marika_Laurila-768x576.jpg 768w, https:\/\/markkuu.fi\/wordpress\/wp-content\/uploads\/2021\/03\/11_Kissankapalat_kukkivat_Siirtolan_kedolla_Marika_Laurila-1536x1152.jpg 1536w, https:\/\/markkuu.fi\/wordpress\/wp-content\/uploads\/2021\/03\/11_Kissankapalat_kukkivat_Siirtolan_kedolla_Marika_Laurila-2048x1536.jpg 2048w\" sizes=\"auto, (max-width: 1024px) 100vw, 1024px\" \/><\/a><figcaption class=\"blocks-gallery-item__caption\">Kissank\u00e4p\u00e4l\u00e4t kukkivat Siirtolan kedolla. Kuva Marika Laurila.<\/figcaption><\/figure><\/li><li class=\"blocks-gallery-item\"><figure><a href=\"http:\/\/markkuu.fi\/wordpress\/wp-content\/uploads\/2021\/03\/13_Metsakurjenpolvi_Siirtolan_niitylla_MLaurila-scaled.jpg\"><img loading=\"lazy\" decoding=\"async\" width=\"1024\" height=\"768\" src=\"http:\/\/markkuu.fi\/wordpress\/wp-content\/uploads\/2021\/03\/13_Metsakurjenpolvi_Siirtolan_niitylla_MLaurila-1024x768.jpg\" alt=\"\" data-id=\"1454\" data-full-url=\"http:\/\/markkuu.fi\/wordpress\/wp-content\/uploads\/2021\/03\/13_Metsakurjenpolvi_Siirtolan_niitylla_MLaurila-scaled.jpg\" data-link=\"http:\/\/markkuu.fi\/wordpress\/?attachment_id=1454\" class=\"wp-image-1454\" srcset=\"https:\/\/markkuu.fi\/wordpress\/wp-content\/uploads\/2021\/03\/13_Metsakurjenpolvi_Siirtolan_niitylla_MLaurila-1024x768.jpg 1024w, https:\/\/markkuu.fi\/wordpress\/wp-content\/uploads\/2021\/03\/13_Metsakurjenpolvi_Siirtolan_niitylla_MLaurila-300x225.jpg 300w, https:\/\/markkuu.fi\/wordpress\/wp-content\/uploads\/2021\/03\/13_Metsakurjenpolvi_Siirtolan_niitylla_MLaurila-768x576.jpg 768w, https:\/\/markkuu.fi\/wordpress\/wp-content\/uploads\/2021\/03\/13_Metsakurjenpolvi_Siirtolan_niitylla_MLaurila-1536x1152.jpg 1536w, https:\/\/markkuu.fi\/wordpress\/wp-content\/uploads\/2021\/03\/13_Metsakurjenpolvi_Siirtolan_niitylla_MLaurila-2048x1536.jpg 2048w\" sizes=\"auto, (max-width: 1024px) 100vw, 1024px\" \/><\/a><figcaption class=\"blocks-gallery-item__caption\">Mets\u00e4kurjenpolvi Siirtolan niityll\u00e4. Kuva Marika Laurila.<\/figcaption><\/figure><\/li><li class=\"blocks-gallery-item\"><figure><a href=\"http:\/\/markkuu.fi\/wordpress\/wp-content\/uploads\/2021\/03\/15_Puna-ailakki_Siirtolan_niitylla_Marika_Laurila-scaled.jpg\"><img loading=\"lazy\" decoding=\"async\" width=\"768\" height=\"1024\" src=\"http:\/\/markkuu.fi\/wordpress\/wp-content\/uploads\/2021\/03\/15_Puna-ailakki_Siirtolan_niitylla_Marika_Laurila-768x1024.jpg\" alt=\"\" data-id=\"1449\" data-full-url=\"http:\/\/markkuu.fi\/wordpress\/wp-content\/uploads\/2021\/03\/15_Puna-ailakki_Siirtolan_niitylla_Marika_Laurila-scaled.jpg\" data-link=\"http:\/\/markkuu.fi\/wordpress\/?attachment_id=1449\" class=\"wp-image-1449\" srcset=\"https:\/\/markkuu.fi\/wordpress\/wp-content\/uploads\/2021\/03\/15_Puna-ailakki_Siirtolan_niitylla_Marika_Laurila-768x1024.jpg 768w, https:\/\/markkuu.fi\/wordpress\/wp-content\/uploads\/2021\/03\/15_Puna-ailakki_Siirtolan_niitylla_Marika_Laurila-225x300.jpg 225w, https:\/\/markkuu.fi\/wordpress\/wp-content\/uploads\/2021\/03\/15_Puna-ailakki_Siirtolan_niitylla_Marika_Laurila-1152x1536.jpg 1152w, https:\/\/markkuu.fi\/wordpress\/wp-content\/uploads\/2021\/03\/15_Puna-ailakki_Siirtolan_niitylla_Marika_Laurila-1536x2048.jpg 1536w, https:\/\/markkuu.fi\/wordpress\/wp-content\/uploads\/2021\/03\/15_Puna-ailakki_Siirtolan_niitylla_Marika_Laurila-scaled.jpg 1920w\" sizes=\"auto, (max-width: 768px) 100vw, 768px\" \/><\/a><figcaption class=\"blocks-gallery-item__caption\">Puna-ailakki Siirtolan niityll\u00e4. Kuva Marika Laurila.<\/figcaption><\/figure><\/li><\/ul><\/figure>\n\n\n\n<figure class=\"wp-block-image size-large\"><a href=\"http:\/\/markkuu.fi\/wordpress\/wp-content\/uploads\/2021\/03\/16_Kulleroita_Siirtolan_jokitormassa_Keskusojan_varrella_Marika_Laurila-scaled.jpg\"><img loading=\"lazy\" decoding=\"async\" width=\"1024\" height=\"768\" src=\"http:\/\/markkuu.fi\/wordpress\/wp-content\/uploads\/2021\/03\/16_Kulleroita_Siirtolan_jokitormassa_Keskusojan_varrella_Marika_Laurila-1024x768.jpg\" alt=\"\" class=\"wp-image-1450\" srcset=\"https:\/\/markkuu.fi\/wordpress\/wp-content\/uploads\/2021\/03\/16_Kulleroita_Siirtolan_jokitormassa_Keskusojan_varrella_Marika_Laurila-1024x768.jpg 1024w, https:\/\/markkuu.fi\/wordpress\/wp-content\/uploads\/2021\/03\/16_Kulleroita_Siirtolan_jokitormassa_Keskusojan_varrella_Marika_Laurila-300x225.jpg 300w, https:\/\/markkuu.fi\/wordpress\/wp-content\/uploads\/2021\/03\/16_Kulleroita_Siirtolan_jokitormassa_Keskusojan_varrella_Marika_Laurila-768x576.jpg 768w, https:\/\/markkuu.fi\/wordpress\/wp-content\/uploads\/2021\/03\/16_Kulleroita_Siirtolan_jokitormassa_Keskusojan_varrella_Marika_Laurila-1536x1152.jpg 1536w, https:\/\/markkuu.fi\/wordpress\/wp-content\/uploads\/2021\/03\/16_Kulleroita_Siirtolan_jokitormassa_Keskusojan_varrella_Marika_Laurila-2048x1536.jpg 2048w\" sizes=\"auto, (max-width: 1024px) 100vw, 1024px\" \/><\/a><figcaption>Kulleroita Siirtolan jokit\u00f6rm\u00e4ss\u00e4 Keskusojan varrella. Kuva Marika Laurila.<\/figcaption><\/figure>\n\n\n\n<h2 class=\"wp-block-heading\">Noidanlukot ovat luontopolun aarteita<\/h2>\n\n\n\n<figure class=\"wp-block-gallery columns-1 is-cropped wp-block-gallery-2 is-layout-flex wp-block-gallery-is-layout-flex\"><ul class=\"blocks-gallery-grid\"><li class=\"blocks-gallery-item\"><figure><a href=\"http:\/\/markkuu.fi\/wordpress\/wp-content\/uploads\/2021\/03\/9_Ahonoidanlukko_aloittelee_kukintaa_Siirtolan_kedolla_Marika_Laurila.jpg\"><img loading=\"lazy\" decoding=\"async\" width=\"1024\" height=\"768\" src=\"http:\/\/markkuu.fi\/wordpress\/wp-content\/uploads\/2021\/03\/9_Ahonoidanlukko_aloittelee_kukintaa_Siirtolan_kedolla_Marika_Laurila-1024x768.jpg\" alt=\"\" data-id=\"1459\" data-full-url=\"http:\/\/markkuu.fi\/wordpress\/wp-content\/uploads\/2021\/03\/9_Ahonoidanlukko_aloittelee_kukintaa_Siirtolan_kedolla_Marika_Laurila.jpg\" data-link=\"http:\/\/markkuu.fi\/wordpress\/?attachment_id=1459\" class=\"wp-image-1459\" srcset=\"https:\/\/markkuu.fi\/wordpress\/wp-content\/uploads\/2021\/03\/9_Ahonoidanlukko_aloittelee_kukintaa_Siirtolan_kedolla_Marika_Laurila-1024x768.jpg 1024w, https:\/\/markkuu.fi\/wordpress\/wp-content\/uploads\/2021\/03\/9_Ahonoidanlukko_aloittelee_kukintaa_Siirtolan_kedolla_Marika_Laurila-300x225.jpg 300w, https:\/\/markkuu.fi\/wordpress\/wp-content\/uploads\/2021\/03\/9_Ahonoidanlukko_aloittelee_kukintaa_Siirtolan_kedolla_Marika_Laurila-768x576.jpg 768w, https:\/\/markkuu.fi\/wordpress\/wp-content\/uploads\/2021\/03\/9_Ahonoidanlukko_aloittelee_kukintaa_Siirtolan_kedolla_Marika_Laurila-1536x1152.jpg 1536w, https:\/\/markkuu.fi\/wordpress\/wp-content\/uploads\/2021\/03\/9_Ahonoidanlukko_aloittelee_kukintaa_Siirtolan_kedolla_Marika_Laurila.jpg 1916w\" sizes=\"auto, (max-width: 1024px) 100vw, 1024px\" \/><\/a><figcaption class=\"blocks-gallery-item__caption\">Ahonoidanlukko aloittelee kukintaa Siirtolan kedolla. Kuva Marika Laurila.<\/figcaption><\/figure><\/li><li class=\"blocks-gallery-item\"><figure><a href=\"http:\/\/markkuu.fi\/wordpress\/wp-content\/uploads\/2021\/03\/6_Ahonoidanlukko_syysasussa_Palon_niitylla_Marika_Laurila.jpg\"><img loading=\"lazy\" decoding=\"async\" width=\"768\" height=\"1024\" src=\"http:\/\/markkuu.fi\/wordpress\/wp-content\/uploads\/2021\/03\/6_Ahonoidanlukko_syysasussa_Palon_niitylla_Marika_Laurila-768x1024.jpg\" alt=\"\" data-id=\"1460\" data-full-url=\"http:\/\/markkuu.fi\/wordpress\/wp-content\/uploads\/2021\/03\/6_Ahonoidanlukko_syysasussa_Palon_niitylla_Marika_Laurila.jpg\" data-link=\"http:\/\/markkuu.fi\/wordpress\/?attachment_id=1460\" class=\"wp-image-1460\" srcset=\"https:\/\/markkuu.fi\/wordpress\/wp-content\/uploads\/2021\/03\/6_Ahonoidanlukko_syysasussa_Palon_niitylla_Marika_Laurila-768x1024.jpg 768w, https:\/\/markkuu.fi\/wordpress\/wp-content\/uploads\/2021\/03\/6_Ahonoidanlukko_syysasussa_Palon_niitylla_Marika_Laurila-225x300.jpg 225w, https:\/\/markkuu.fi\/wordpress\/wp-content\/uploads\/2021\/03\/6_Ahonoidanlukko_syysasussa_Palon_niitylla_Marika_Laurila-1152x1536.jpg 1152w, https:\/\/markkuu.fi\/wordpress\/wp-content\/uploads\/2021\/03\/6_Ahonoidanlukko_syysasussa_Palon_niitylla_Marika_Laurila.jpg 1266w\" sizes=\"auto, (max-width: 768px) 100vw, 768px\" \/><\/a><figcaption class=\"blocks-gallery-item__caption\">Ahonoidanlukko syysasussa Palon niityll\u00e4. Kuva Marika Laurila.<\/figcaption><\/figure><\/li><li class=\"blocks-gallery-item\"><figure><a href=\"http:\/\/markkuu.fi\/wordpress\/wp-content\/uploads\/2021\/03\/10_Ketonoidanlukko_Marika_Laurila.jpg\"><img loading=\"lazy\" decoding=\"async\" width=\"683\" height=\"1024\" src=\"http:\/\/markkuu.fi\/wordpress\/wp-content\/uploads\/2021\/03\/10_Ketonoidanlukko_Marika_Laurila-683x1024.jpg\" alt=\"\" data-id=\"1456\" data-full-url=\"http:\/\/markkuu.fi\/wordpress\/wp-content\/uploads\/2021\/03\/10_Ketonoidanlukko_Marika_Laurila.jpg\" data-link=\"http:\/\/markkuu.fi\/wordpress\/?attachment_id=1456\" class=\"wp-image-1456\" srcset=\"https:\/\/markkuu.fi\/wordpress\/wp-content\/uploads\/2021\/03\/10_Ketonoidanlukko_Marika_Laurila-683x1024.jpg 683w, https:\/\/markkuu.fi\/wordpress\/wp-content\/uploads\/2021\/03\/10_Ketonoidanlukko_Marika_Laurila-200x300.jpg 200w, https:\/\/markkuu.fi\/wordpress\/wp-content\/uploads\/2021\/03\/10_Ketonoidanlukko_Marika_Laurila-768x1152.jpg 768w, https:\/\/markkuu.fi\/wordpress\/wp-content\/uploads\/2021\/03\/10_Ketonoidanlukko_Marika_Laurila-1024x1536.jpg 1024w, https:\/\/markkuu.fi\/wordpress\/wp-content\/uploads\/2021\/03\/10_Ketonoidanlukko_Marika_Laurila-1366x2048.jpg 1366w, https:\/\/markkuu.fi\/wordpress\/wp-content\/uploads\/2021\/03\/10_Ketonoidanlukko_Marika_Laurila.jpg 1612w\" sizes=\"auto, (max-width: 683px) 100vw, 683px\" \/><\/a><figcaption class=\"blocks-gallery-item__caption\">Ketonoidanlukko. Kuva Marika Laurila.<\/figcaption><\/figure><\/li><\/ul><\/figure>\n\n\n\n<h2 class=\"wp-block-heading\">Hein\u00e4talkoot -eloa perinteisiin ja lajirikkautta niityille<\/h2>\n\n\n\n<figure class=\"wp-block-gallery columns-2 is-cropped wp-block-gallery-3 is-layout-flex wp-block-gallery-is-layout-flex\"><ul class=\"blocks-gallery-grid\"><li class=\"blocks-gallery-item\"><figure><a href=\"http:\/\/markkuu.fi\/wordpress\/wp-content\/uploads\/2021\/03\/4_Heinanseivastysta_Palon_niitylla_2018_Marika_Laurila-scaled.jpg\"><img loading=\"lazy\" decoding=\"async\" width=\"1024\" height=\"768\" src=\"http:\/\/markkuu.fi\/wordpress\/wp-content\/uploads\/2021\/03\/4_Heinanseivastysta_Palon_niitylla_2018_Marika_Laurila-1024x768.jpg\" alt=\"\" data-id=\"1462\" data-full-url=\"http:\/\/markkuu.fi\/wordpress\/wp-content\/uploads\/2021\/03\/4_Heinanseivastysta_Palon_niitylla_2018_Marika_Laurila-scaled.jpg\" data-link=\"http:\/\/markkuu.fi\/wordpress\/?attachment_id=1462\" class=\"wp-image-1462\" srcset=\"https:\/\/markkuu.fi\/wordpress\/wp-content\/uploads\/2021\/03\/4_Heinanseivastysta_Palon_niitylla_2018_Marika_Laurila-1024x768.jpg 1024w, https:\/\/markkuu.fi\/wordpress\/wp-content\/uploads\/2021\/03\/4_Heinanseivastysta_Palon_niitylla_2018_Marika_Laurila-300x225.jpg 300w, https:\/\/markkuu.fi\/wordpress\/wp-content\/uploads\/2021\/03\/4_Heinanseivastysta_Palon_niitylla_2018_Marika_Laurila-768x576.jpg 768w, https:\/\/markkuu.fi\/wordpress\/wp-content\/uploads\/2021\/03\/4_Heinanseivastysta_Palon_niitylla_2018_Marika_Laurila-1536x1152.jpg 1536w, https:\/\/markkuu.fi\/wordpress\/wp-content\/uploads\/2021\/03\/4_Heinanseivastysta_Palon_niitylla_2018_Marika_Laurila-2048x1536.jpg 2048w\" sizes=\"auto, (max-width: 1024px) 100vw, 1024px\" \/><\/a><\/figure><\/li><li class=\"blocks-gallery-item\"><figure><a href=\"http:\/\/markkuu.fi\/wordpress\/wp-content\/uploads\/2021\/03\/3_Heinantekoa_Palon_niitylla_2018_Marika_Laurila-scaled.jpg\"><img loading=\"lazy\" decoding=\"async\" width=\"1024\" height=\"768\" src=\"http:\/\/markkuu.fi\/wordpress\/wp-content\/uploads\/2021\/03\/3_Heinantekoa_Palon_niitylla_2018_Marika_Laurila-1024x768.jpg\" alt=\"\" data-id=\"1461\" data-full-url=\"http:\/\/markkuu.fi\/wordpress\/wp-content\/uploads\/2021\/03\/3_Heinantekoa_Palon_niitylla_2018_Marika_Laurila-scaled.jpg\" data-link=\"http:\/\/markkuu.fi\/wordpress\/?attachment_id=1461\" class=\"wp-image-1461\" srcset=\"https:\/\/markkuu.fi\/wordpress\/wp-content\/uploads\/2021\/03\/3_Heinantekoa_Palon_niitylla_2018_Marika_Laurila-1024x768.jpg 1024w, https:\/\/markkuu.fi\/wordpress\/wp-content\/uploads\/2021\/03\/3_Heinantekoa_Palon_niitylla_2018_Marika_Laurila-300x225.jpg 300w, https:\/\/markkuu.fi\/wordpress\/wp-content\/uploads\/2021\/03\/3_Heinantekoa_Palon_niitylla_2018_Marika_Laurila-768x576.jpg 768w, https:\/\/markkuu.fi\/wordpress\/wp-content\/uploads\/2021\/03\/3_Heinantekoa_Palon_niitylla_2018_Marika_Laurila-1536x1152.jpg 1536w, https:\/\/markkuu.fi\/wordpress\/wp-content\/uploads\/2021\/03\/3_Heinantekoa_Palon_niitylla_2018_Marika_Laurila-2048x1536.jpg 2048w\" sizes=\"auto, (max-width: 1024px) 100vw, 1024px\" \/><\/a><\/figure><\/li><li class=\"blocks-gallery-item\"><figure><a href=\"http:\/\/markkuu.fi\/wordpress\/wp-content\/uploads\/2021\/03\/4b_Heinatalkoovakea_2018_Palon_niitylla_Marika_Laurila-scaled.jpg\"><img loading=\"lazy\" decoding=\"async\" width=\"1024\" height=\"768\" src=\"http:\/\/markkuu.fi\/wordpress\/wp-content\/uploads\/2021\/03\/4b_Heinatalkoovakea_2018_Palon_niitylla_Marika_Laurila-1024x768.jpg\" alt=\"\" data-id=\"1451\" data-full-url=\"http:\/\/markkuu.fi\/wordpress\/wp-content\/uploads\/2021\/03\/4b_Heinatalkoovakea_2018_Palon_niitylla_Marika_Laurila-scaled.jpg\" data-link=\"http:\/\/markkuu.fi\/wordpress\/?attachment_id=1451\" class=\"wp-image-1451\" srcset=\"https:\/\/markkuu.fi\/wordpress\/wp-content\/uploads\/2021\/03\/4b_Heinatalkoovakea_2018_Palon_niitylla_Marika_Laurila-1024x768.jpg 1024w, https:\/\/markkuu.fi\/wordpress\/wp-content\/uploads\/2021\/03\/4b_Heinatalkoovakea_2018_Palon_niitylla_Marika_Laurila-300x225.jpg 300w, https:\/\/markkuu.fi\/wordpress\/wp-content\/uploads\/2021\/03\/4b_Heinatalkoovakea_2018_Palon_niitylla_Marika_Laurila-768x576.jpg 768w, https:\/\/markkuu.fi\/wordpress\/wp-content\/uploads\/2021\/03\/4b_Heinatalkoovakea_2018_Palon_niitylla_Marika_Laurila-1536x1152.jpg 1536w, https:\/\/markkuu.fi\/wordpress\/wp-content\/uploads\/2021\/03\/4b_Heinatalkoovakea_2018_Palon_niitylla_Marika_Laurila-2048x1536.jpg 2048w\" sizes=\"auto, (max-width: 1024px) 100vw, 1024px\" \/><\/a><\/figure><\/li><\/ul><figcaption class=\"blocks-gallery-caption\">Niittykohteita hoitamalla yll\u00e4pidet\u00e4\u00e4n ja lis\u00e4t\u00e4\u00e4n niiden monimuotoisuutta. Samalla voidaan her\u00e4tell\u00e4 henkiin perinteisi\u00e4 ty\u00f6tapoja. Kuvat kes\u00e4n 2018 hein\u00e4talkoista, Marika Laurila.<\/figcaption><\/figure>\n\n\n\n<p><\/p>\n","protected":false},"excerpt":{"rendered":"<p>Luontopolku kukkii kev\u00e4\u00e4st\u00e4 syksyyn Noidanlukot ovat luontopolun aarteita Hein\u00e4talkoot -eloa perinteisiin ja lajirikkautta niityille<\/p>\n","protected":false},"author":2,"featured_media":0,"parent":87,"menu_order":2,"comment_status":"closed","ping_status":"closed","template":"","meta":{"footnotes":""},"class_list":["post-1337","page","type-page","status-publish","hentry"],"_links":{"self":[{"href":"https:\/\/markkuu.fi\/wordpress\/index.php?rest_route=\/wp\/v2\/pages\/1337","targetHints":{"allow":["GET"]}}],"collection":[{"href":"https:\/\/markkuu.fi\/wordpress\/index.php?rest_route=\/wp\/v2\/pages"}],"about":[{"href":"https:\/\/markkuu.fi\/wordpress\/index.php?rest_route=\/wp\/v2\/types\/page"}],"author":[{"embeddable":true,"href":"https:\/\/markkuu.fi\/wordpress\/index.php?rest_route=\/wp\/v2\/users\/2"}],"replies":[{"embeddable":true,"href":"https:\/\/markkuu.fi\/wordpress\/index.php?rest_route=%2Fwp%2Fv2%2Fcomments&post=1337"}],"version-history":[{"count":4,"href":"https:\/\/markkuu.fi\/wordpress\/index.php?rest_route=\/wp\/v2\/pages\/1337\/revisions"}],"predecessor-version":[{"id":1495,"href":"https:\/\/markkuu.fi\/wordpress\/index.php?rest_route=\/wp\/v2\/pages\/1337\/revisions\/1495"}],"up":[{"embeddable":true,"href":"https:\/\/markkuu.fi\/wordpress\/index.php?rest_route=\/wp\/v2\/pages\/87"}],"wp:attachment":[{"href":"https:\/\/markkuu.fi\/wordpress\/index.php?rest_route=%2Fwp%2Fv2%2Fmedia&parent=1337"}],"curies":[{"name":"wp","href":"https:\/\/api.w.org\/{rel}","templated":true}]}}