{"id":52,"date":"2015-11-06T16:08:40","date_gmt":"2015-11-06T14:08:40","guid":{"rendered":"http:\/\/markkuu.fi\/wordpress\/?page_id=52"},"modified":"2021-10-02T19:42:32","modified_gmt":"2021-10-02T16:42:32","slug":"asu-markkuulla","status":"publish","type":"page","link":"https:\/\/markkuu.fi\/wordpress\/?page_id=52","title":{"rendered":"Asu Markkuulla"},"content":{"rendered":"<figure id=\"attachment_243\" aria-describedby=\"caption-attachment-243\" style=\"width: 1920px\" class=\"wp-caption alignnone\"><a href=\"http:\/\/markkuu.fi\/wordpress\/wp-content\/uploads\/2015\/11\/Markkuu-8224.jpg\"><img loading=\"lazy\" decoding=\"async\" class=\"wp-image-243 size-full\" src=\"http:\/\/markkuu.fi\/wordpress\/wp-content\/uploads\/2015\/11\/Markkuu-8224.jpg\" alt=\"Markkuu-8224\" width=\"1920\" height=\"1080\" \/><\/a><figcaption id=\"caption-attachment-243\" class=\"wp-caption-text\">Tervetuloa Markkuulle! Kuvaaja Matti Alasaarela.<\/figcaption><\/figure>\n<p>Kaipaatko omaa rauhaa, tilaa hengitt\u00e4\u00e4? Oletko aina halunnut asua maalla mutta n\u00e4pp\u00e4r\u00e4n matkan p\u00e4\u00e4ss\u00e4 kaupungista? Liikutko mielell\u00e4si luonnossa k\u00e4vellen, lenkkeillen, ratsain tai vaikkapa koirien kanssa? Jos vastasit yhteenkin kysymykseen kyll\u00e4, Markkuu on juuri oikea paikka sinulle.<\/p>\n<p>Tee el\u00e4m\u00e4si paras valinta ja asu Markkuun maaseudulla, Oulun l\u00e4heisyydess\u00e4! Markkuulta on lyhyt matka kuntakeskukseen Tyrn\u00e4v\u00e4lle sek\u00e4 naapurikuntiin Kempeleeseen ja Muhokselle, Ouluun matkaa on noin 40 kilometri\u00e4. Kyl\u00e4ss\u00e4mme on hyv\u00e4t <a href=\"http:\/\/markkuu.fi\/wordpress\/?page_id=82\">virkistysmahdollisuudet<\/a> sek\u00e4 upeat ulkoilu- ja ratsastusmaastot ja kyl\u00e4toiminta on vilkasta. Elokuussa 2021 julkaistulla <a href=\"https:\/\/youtu.be\/bcMvxVAkJ0U\" target=\"_blank\" rel=\"noopener\">videolla<\/a> tuoreet markkuulaiset kertovat, miksi he valitsivat juuri meid\u00e4n kyl\u00e4mme asuinpaikakseen.<\/p>\n<h1 style=\"text-align: justify;\"><b>Vapaat tontit<br \/>\n<\/b><\/h1>\n<p>Markkuun kyl\u00e4n ydinalueen rakentamista ohjaa <a href=\"https:\/\/www.tyrnava.fi\/media\/asuminen-ja-ymparisto\/kaavoitus\/yleiskaava\/angeslevanjokivarren-kylien-osayleiskaava\/p15797_angesleva_markkuu.pdf\" target=\"_blank\" rel=\"noopener noreferrer\">\u00c4ngeslev\u00e4njokivarren kylien osayleiskaava<\/a> (9.4.2014). Tontteja voi tiedustella osayleiskaavassa rakennuspaikoiksi esitettyjen kiinteist\u00f6jen omistajilta. Tonttien hinnoista sopiminen on ostajan ja myyj\u00e4n v\u00e4linen asia. \u00a0Kyl\u00e4yhdistys ei osallistu tonttien myyntiin, vaan ainoastaan tiedottaa alueen mahdollisista rakennuspaikoista.<\/p>\n<p>Kyl\u00e4yhdistys kannustaa maanomistajia myym\u00e4\u00e4n rakennuspaikkoja.\u00a0 Jos olet maanomistaja, ja haluat myyt\u00e4v\u00e4lle tontille ilmaista n\u00e4kyvyytt\u00e4, ota yhteys kyl\u00e4yhdistykseen! Tieto kyl\u00e4n alueella myynniss\u00e4 olevista tonteista voidaan halutessasi p\u00e4ivitt\u00e4\u00e4 sivujemme <a href=\"http:\/\/markkuu.fi\/wordpress\/?page_id=89\" target=\"_blank\" rel=\"noopener\">Tonttip\u00f6rssi<\/a> -otsikon alle kuvien kera.<\/p>\n<p>Rakentamisasioihin liittyv\u00e4\u00e4 neuvontaa saat Tyrn\u00e4v\u00e4n kunnan <a href=\"https:\/\/www.tyrnava.fi\/asuminen-ja-ymparisto\/rakentaminen.html\" target=\"_blank\" rel=\"noopener noreferrer\">rakennusvalvonnasta<\/a>.<\/p>\n<figure id=\"attachment_383\" aria-describedby=\"caption-attachment-383\" style=\"width: 3456px\" class=\"wp-caption alignnone\"><a href=\"http:\/\/markkuu.fi\/wordpress\/wp-content\/uploads\/2015\/11\/11.jpg\"><img loading=\"lazy\" decoding=\"async\" class=\"wp-image-383 size-full\" src=\"http:\/\/markkuu.fi\/wordpress\/wp-content\/uploads\/2015\/11\/11.jpg\" alt=\"11\" width=\"3456\" height=\"2304\" \/><\/a><figcaption id=\"caption-attachment-383\" class=\"wp-caption-text\">Markkuun kyl\u00e4nraitti. Kuvaaja valokuvakisan nuorten sarjassa palkittu Mira Keskikorpi.<\/figcaption><\/figure>\n<p><a href=\"http:\/\/www.instagram.com\/markkuu_tyrnava\/\"><img loading=\"lazy\" decoding=\"async\" class=\"alignnone size-full wp-image-412\" src=\"http:\/\/markkuu.fi\/wordpress\/wp-content\/uploads\/2016\/01\/instagram.png\" alt=\"instagram\" width=\"52\" height=\"52\" \/><\/a><a href=\"https:\/\/www.facebook.com\/markkuunkylayhdistys\/\"><img loading=\"lazy\" decoding=\"async\" class=\"alignnone size-full wp-image-411\" src=\"http:\/\/markkuu.fi\/wordpress\/wp-content\/uploads\/2016\/01\/facebook.png\" alt=\"facebook\" width=\"52\" height=\"52\" \/><\/a><a href=\"https:\/\/twitter.com\/markkuu_tyrnava\"><img loading=\"lazy\" decoding=\"async\" class=\"alignnone size-full wp-image-407\" src=\"http:\/\/markkuu.fi\/wordpress\/wp-content\/uploads\/2016\/01\/twitter-1.png\" alt=\"twitter-1\" width=\"52\" height=\"52\" \/><\/a><br \/>\n<script>\/\/ <![CDATA[ !function(d,s,id){var js,fjs=d.getElementsByTagName(s)[0],p=\/^http:\/.test(d.location)?'http':'https';if(!d.getElementById(id)){js=d.createElement(s);js.id=id;js.src=p+':\/\/platform.twitter.com\/widgets.js';fjs.parentNode.insertBefore(js,fjs);}}(document, 'script', 'twitter-wjs'); \/\/ ]]><\/script><\/p>\n","protected":false},"excerpt":{"rendered":"<p>Kaipaatko omaa rauhaa, tilaa hengitt\u00e4\u00e4? Oletko aina halunnut asua maalla mutta n\u00e4pp\u00e4r\u00e4n matkan p\u00e4\u00e4ss\u00e4 kaupungista? Liikutko mielell\u00e4si luonnossa k\u00e4vellen, lenkkeillen, ratsain tai vaikkapa koirien kanssa? Jos vastasit yhteenkin kysymykseen kyll\u00e4, Markkuu on juuri oikea paikka sinulle. Tee el\u00e4m\u00e4si paras valinta ja asu Markkuun maaseudulla, Oulun l\u00e4heisyydess\u00e4! Markkuulta on lyhyt matka kuntakeskukseen Tyrn\u00e4v\u00e4lle sek\u00e4 naapurikuntiin Kempeleeseen &hellip; <a href=\"https:\/\/markkuu.fi\/wordpress\/?page_id=52\" class=\"more-link\">Jatka lukemista <span class=\"screen-reader-text\">Asu Markkuulla<\/span> <span class=\"meta-nav\">&rarr;<\/span><\/a><\/p>\n","protected":false},"author":3,"featured_media":0,"parent":0,"menu_order":2,"comment_status":"closed","ping_status":"closed","template":"","meta":{"footnotes":""},"class_list":["post-52","page","type-page","status-publish","hentry"],"_links":{"self":[{"href":"https:\/\/markkuu.fi\/wordpress\/index.php?rest_route=\/wp\/v2\/pages\/52","targetHints":{"allow":["GET"]}}],"collection":[{"href":"https:\/\/markkuu.fi\/wordpress\/index.php?rest_route=\/wp\/v2\/pages"}],"about":[{"href":"https:\/\/markkuu.fi\/wordpress\/index.php?rest_route=\/wp\/v2\/types\/page"}],"author":[{"embeddable":true,"href":"https:\/\/markkuu.fi\/wordpress\/index.php?rest_route=\/wp\/v2\/users\/3"}],"replies":[{"embeddable":true,"href":"https:\/\/markkuu.fi\/wordpress\/index.php?rest_route=%2Fwp%2Fv2%2Fcomments&post=52"}],"version-history":[{"count":19,"href":"https:\/\/markkuu.fi\/wordpress\/index.php?rest_route=\/wp\/v2\/pages\/52\/revisions"}],"predecessor-version":[{"id":1533,"href":"https:\/\/markkuu.fi\/wordpress\/index.php?rest_route=\/wp\/v2\/pages\/52\/revisions\/1533"}],"wp:attachment":[{"href":"https:\/\/markkuu.fi\/wordpress\/index.php?rest_route=%2Fwp%2Fv2%2Fmedia&parent=52"}],"curies":[{"name":"wp","href":"https:\/\/api.w.org\/{rel}","templated":true}]}}