{"id":78,"date":"2015-11-06T23:36:21","date_gmt":"2015-11-06T21:36:21","guid":{"rendered":"http:\/\/markkuu.fi\/wordpress\/?page_id=78"},"modified":"2021-02-10T16:33:53","modified_gmt":"2021-02-10T14:33:53","slug":"jatevesien-kasittely-pohjavesialueella","status":"publish","type":"page","link":"https:\/\/markkuu.fi\/wordpress\/?page_id=78","title":{"rendered":"J\u00e4tevesien k\u00e4sittely pohjavesialueella"},"content":{"rendered":"<p>Osa Markkuun kyl\u00e4st\u00e4 kuuluu pohjavesialueeseen. Pohjavesialueella j\u00e4tevesien k\u00e4sittelyyn vaaditaan kiinteist\u00f6ilt\u00e4 joko umpikaivo tai liittyminen kunnan viem\u00e4riverkostoon.\u00a0 Viem\u00e4r\u00f6inti on rakennettu \u00a0Korkalantielle, Palontielle ja Arffmaninkujalle sek\u00e4, \u00c4ngeslev\u00e4n\u2013Ylip\u00e4\u00e4n paikallistien ja Hirsikorven tien alkuosaan Muhostien l\u00e4heisyydess\u00e4.<br \/>\nViem\u00e4riverkostoon liittymist\u00e4 voi tiedustella <a href=\"https:\/\/tyrnavanvesihuolto.fi\/\" target=\"_blank\" rel=\"noopener\">Tyrn\u00e4v\u00e4n Vesihuolto Oy:lt\u00e4<\/a>.<\/p>\n<p><a href=\"http:\/\/www.instagram.com\/markkuu_tyrnava\/\"><img loading=\"lazy\" decoding=\"async\" class=\"alignnone size-full wp-image-412\" src=\"http:\/\/markkuu.fi\/wordpress\/wp-content\/uploads\/2016\/01\/instagram.png\" alt=\"instagram\" width=\"52\" height=\"52\" \/><\/a><a href=\"https:\/\/www.facebook.com\/markkuunkylayhdistys\/\"><img loading=\"lazy\" decoding=\"async\" class=\"alignnone size-full wp-image-411\" src=\"http:\/\/markkuu.fi\/wordpress\/wp-content\/uploads\/2016\/01\/facebook.png\" alt=\"facebook\" width=\"52\" height=\"52\" \/><\/a><a href=\"https:\/\/twitter.com\/markkuu_tyrnava\"><img loading=\"lazy\" decoding=\"async\" class=\"alignnone size-full wp-image-407\" src=\"http:\/\/markkuu.fi\/wordpress\/wp-content\/uploads\/2016\/01\/twitter-1.png\" alt=\"twitter-1\" width=\"52\" height=\"52\" \/><\/a><br \/>\n<script>\/\/ <![CDATA[ !function(d,s,id){var js,fjs=d.getElementsByTagName(s)[0],p=\/^http:\/.test(d.location)?'http':'https';if(!d.getElementById(id)){js=d.createElement(s);js.id=id;js.src=p+':\/\/platform.twitter.com\/widgets.js';fjs.parentNode.insertBefore(js,fjs);}}(document, 'script', 'twitter-wjs'); \/\/ ]]><\/script><\/p>\n","protected":false},"excerpt":{"rendered":"<p>Osa Markkuun kyl\u00e4st\u00e4 kuuluu pohjavesialueeseen. Pohjavesialueella j\u00e4tevesien k\u00e4sittelyyn vaaditaan kiinteist\u00f6ilt\u00e4 joko umpikaivo tai liittyminen kunnan viem\u00e4riverkostoon.\u00a0 Viem\u00e4r\u00f6inti on rakennettu \u00a0Korkalantielle, Palontielle ja Arffmaninkujalle sek\u00e4, \u00c4ngeslev\u00e4n\u2013Ylip\u00e4\u00e4n paikallistien ja Hirsikorven tien alkuosaan Muhostien l\u00e4heisyydess\u00e4. Viem\u00e4riverkostoon liittymist\u00e4 voi tiedustella Tyrn\u00e4v\u00e4n Vesihuolto Oy:lt\u00e4.<\/p>\n","protected":false},"author":2,"featured_media":0,"parent":52,"menu_order":2,"comment_status":"closed","ping_status":"closed","template":"","meta":{"footnotes":""},"class_list":["post-78","page","type-page","status-publish","hentry"],"_links":{"self":[{"href":"https:\/\/markkuu.fi\/wordpress\/index.php?rest_route=\/wp\/v2\/pages\/78","targetHints":{"allow":["GET"]}}],"collection":[{"href":"https:\/\/markkuu.fi\/wordpress\/index.php?rest_route=\/wp\/v2\/pages"}],"about":[{"href":"https:\/\/markkuu.fi\/wordpress\/index.php?rest_route=\/wp\/v2\/types\/page"}],"author":[{"embeddable":true,"href":"https:\/\/markkuu.fi\/wordpress\/index.php?rest_route=\/wp\/v2\/users\/2"}],"replies":[{"embeddable":true,"href":"https:\/\/markkuu.fi\/wordpress\/index.php?rest_route=%2Fwp%2Fv2%2Fcomments&post=78"}],"version-history":[{"count":7,"href":"https:\/\/markkuu.fi\/wordpress\/index.php?rest_route=\/wp\/v2\/pages\/78\/revisions"}],"predecessor-version":[{"id":1411,"href":"https:\/\/markkuu.fi\/wordpress\/index.php?rest_route=\/wp\/v2\/pages\/78\/revisions\/1411"}],"up":[{"embeddable":true,"href":"https:\/\/markkuu.fi\/wordpress\/index.php?rest_route=\/wp\/v2\/pages\/52"}],"wp:attachment":[{"href":"https:\/\/markkuu.fi\/wordpress\/index.php?rest_route=%2Fwp%2Fv2%2Fmedia&parent=78"}],"curies":[{"name":"wp","href":"https:\/\/api.w.org\/{rel}","templated":true}]}}