{"id":93,"date":"2015-11-07T00:03:13","date_gmt":"2015-11-06T22:03:13","guid":{"rendered":"http:\/\/markkuu.fi\/wordpress\/?page_id=93"},"modified":"2024-06-02T19:41:21","modified_gmt":"2024-06-02T16:41:21","slug":"muuta-markkuusta","status":"publish","type":"page","link":"https:\/\/markkuu.fi\/wordpress\/?page_id=93","title":{"rendered":"Lis\u00e4\u00e4 asiaa Markkuusta"},"content":{"rendered":"<p>Markkuun kyl\u00e4 sijaitsee Oulun seudulla, Tyrn\u00e4v\u00e4n kunnassa, noin kahdeksan kilometri\u00e4 Tyrn\u00e4v\u00e4n keskustasta Muhokselle p\u00e4in. \u00a0Naapurikuntien keskustat ovat kohtuullisen et\u00e4isyyden p\u00e4\u00e4ss\u00e4, Kempeleeseen on noin 22 kilometri\u00e4 ja Muhoksen keskustaan noin 15 kilometri\u00e4.<\/p>\n<h1><b>Markkuun seudun kyl\u00e4yhdistys ry<br \/>\n<\/b><\/h1>\n<p>Kyl\u00e4n kehitt\u00e4minen on antoisaa pitk\u00e4n t\u00e4ht\u00e4imen ty\u00f6t\u00e4. Markkuulla perustettiin Markkuun seudun kyl\u00e4yhdistys ry vuonna 1998 koordinoimaan toimintaa, jolla kyl\u00e4 pidet\u00e4\u00e4n elinvoimaisena. Aktiivisesti toimiva kyl\u00e4yhdistys edustaa kyl\u00e4n asukkaita&#8230;. ottaa kantaa kyl\u00e4\u00e4n liittyviin asioihin&#8230; yll\u00e4pit\u00e4\u00e4 Markkuun luontopolkua ja muita kyl\u00e4n virkistysalueita sek\u00e4 j\u00e4rjest\u00e4\u00e4 kyl\u00e4l\u00e4isi\u00e4 kiinnostavia tapahtumia. Kyl\u00e4yhdistyksell\u00e4 ei ole j\u00e4senmaksua, ja kaikki kyl\u00e4l\u00e4iset voivat osallistua yhdistyksen toimintaan.<\/p>\n<p>Jos sinulla on ideoita tai toiveita kyl\u00e4n harrastustoimintaan, kehitt\u00e4miseen tai muuhun vastaavaan liittyen, ota yhteytt\u00e4 kyl\u00e4yhdistyksen hallituksen j\u00e4seniin tai suoraan puheenjohtajaan.\u00a0Viesti\u00e4 voi laittaa palautelomakkeella, s\u00e4hk\u00f6postitse hallituksen j\u00e4senille ja kyl\u00e4yhdistyksen <a href=\"http:\/\/www.facebook.com\/markkuunkylayhdistys\" target=\"_blank\" rel=\"noopener noreferrer\">Facebook<\/a>&#8211; tai <a href=\"https:\/\/mobile.twitter.com\/markkuu_tyrnava\" target=\"_blank\" rel=\"noopener noreferrer\">Twitter<\/a>-tilin kautta!<\/p>\n<p>Tule mukaan kyl\u00e4yhdistyksen hallitukseen mukavaan porukkaan ideoimaan kyl\u00e4n toimintaa! T\u00e4ll\u00e4 hetkell\u00e4 hallituksessa on\u00a0 8 j\u00e4sent\u00e4. Vuosikokouksessa kev\u00e4\u00e4ll\u00e4 (maalis-huhtikuu) valitaan hallituksen j\u00e4senet seuraavaksi vuodeksi.<\/p>\n<p>Riina Rahkila, puheenjohtaja, riina.rahkila(at)gmail.com<\/p>\n<p>Karoliina Hintsala, varapuheenjohtaja<\/p>\n<p>Marika Laurila, sihteeri<\/p>\n<p>Anu Markus<\/p>\n<p>Sirpa Arffman<\/p>\n<p>Heinituuli Holopainen<\/p>\n<p>Paula Holopainen<\/p>\n<p>Leena Hakala<\/p>\n<p><a href=\"http:\/\/www.instagram.com\/markkuu_tyrnava\/\"><img loading=\"lazy\" decoding=\"async\" class=\"alignnone size-full wp-image-412\" src=\"http:\/\/markkuu.fi\/wordpress\/wp-content\/uploads\/2016\/01\/instagram.png\" alt=\"instagram\" width=\"52\" height=\"52\" \/><\/a><a href=\"https:\/\/www.facebook.com\/markkuunkylayhdistys\/\"><img loading=\"lazy\" decoding=\"async\" class=\"alignnone size-full wp-image-411\" src=\"http:\/\/markkuu.fi\/wordpress\/wp-content\/uploads\/2016\/01\/facebook.png\" alt=\"facebook\" width=\"52\" height=\"52\" \/><\/a><a href=\"https:\/\/twitter.com\/markkuu_tyrnava\"><img loading=\"lazy\" decoding=\"async\" class=\"alignnone size-full wp-image-407\" src=\"http:\/\/markkuu.fi\/wordpress\/wp-content\/uploads\/2016\/01\/twitter-1.png\" alt=\"twitter-1\" width=\"52\" height=\"52\" \/><\/a><br \/>\n<script>\/\/ <![CDATA[ !function(d,s,id){var js,fjs=d.getElementsByTagName(s)[0],p=\/^http:\/.test(d.location)?'http':'https';if(!d.getElementById(id)){js=d.createElement(s);js.id=id;js.src=p+':\/\/platform.twitter.com\/widgets.js';fjs.parentNode.insertBefore(js,fjs);}}(document, 'script', 'twitter-wjs'); \/\/ ]]><\/script><\/p>\n","protected":false},"excerpt":{"rendered":"<p>Markkuun kyl\u00e4 sijaitsee Oulun seudulla, Tyrn\u00e4v\u00e4n kunnassa, noin kahdeksan kilometri\u00e4 Tyrn\u00e4v\u00e4n keskustasta Muhokselle p\u00e4in. \u00a0Naapurikuntien keskustat ovat kohtuullisen et\u00e4isyyden p\u00e4\u00e4ss\u00e4, Kempeleeseen on noin 22 kilometri\u00e4 ja Muhoksen keskustaan noin 15 kilometri\u00e4. Markkuun seudun kyl\u00e4yhdistys ry Kyl\u00e4n kehitt\u00e4minen on antoisaa pitk\u00e4n t\u00e4ht\u00e4imen ty\u00f6t\u00e4. Markkuulla perustettiin Markkuun seudun kyl\u00e4yhdistys ry vuonna 1998 koordinoimaan toimintaa, jolla kyl\u00e4 pidet\u00e4\u00e4n &hellip; <a href=\"https:\/\/markkuu.fi\/wordpress\/?page_id=93\" class=\"more-link\">Jatka lukemista <span class=\"screen-reader-text\">Lis\u00e4\u00e4 asiaa Markkuusta<\/span> <span class=\"meta-nav\">&rarr;<\/span><\/a><\/p>\n","protected":false},"author":2,"featured_media":0,"parent":0,"menu_order":5,"comment_status":"closed","ping_status":"closed","template":"","meta":{"footnotes":""},"class_list":["post-93","page","type-page","status-publish","hentry"],"_links":{"self":[{"href":"https:\/\/markkuu.fi\/wordpress\/index.php?rest_route=\/wp\/v2\/pages\/93","targetHints":{"allow":["GET"]}}],"collection":[{"href":"https:\/\/markkuu.fi\/wordpress\/index.php?rest_route=\/wp\/v2\/pages"}],"about":[{"href":"https:\/\/markkuu.fi\/wordpress\/index.php?rest_route=\/wp\/v2\/types\/page"}],"author":[{"embeddable":true,"href":"https:\/\/markkuu.fi\/wordpress\/index.php?rest_route=\/wp\/v2\/users\/2"}],"replies":[{"embeddable":true,"href":"https:\/\/markkuu.fi\/wordpress\/index.php?rest_route=%2Fwp%2Fv2%2Fcomments&post=93"}],"version-history":[{"count":22,"href":"https:\/\/markkuu.fi\/wordpress\/index.php?rest_route=\/wp\/v2\/pages\/93\/revisions"}],"predecessor-version":[{"id":1655,"href":"https:\/\/markkuu.fi\/wordpress\/index.php?rest_route=\/wp\/v2\/pages\/93\/revisions\/1655"}],"wp:attachment":[{"href":"https:\/\/markkuu.fi\/wordpress\/index.php?rest_route=%2Fwp%2Fv2%2Fmedia&parent=93"}],"curies":[{"name":"wp","href":"https:\/\/api.w.org\/{rel}","templated":true}]}}